{"id":387,"date":"2019-07-09T08:49:01","date_gmt":"2019-07-09T08:49:01","guid":{"rendered":"http:\/\/www.eiblda.pt\/new\/?post_type=cptportefolioelbai&#038;p=387"},"modified":"2019-08-05T19:18:09","modified_gmt":"2019-08-05T19:18:09","slug":"etar-da-rabada-santo-tirso","status":"publish","type":"cptportefolioelbai","link":"https:\/\/www.eiblda.pt\/en\/elbai\/portefolio\/meio-ambiente\/etar-da-rabada-santo-tirso\/","title":{"rendered":"ETAR da Rabada (Santo Tirso)"},"content":{"rendered":"\n<ul class=\"wp-block-gallery columns-3 is-cropped wp-block-gallery-1 is-layout-flex wp-block-gallery-is-layout-flex\"><li class=\"blocks-gallery-item\"><figure><img loading=\"lazy\" decoding=\"async\" width=\"2490\" height=\"1000\" src=\"http:\/\/www.eiblda.pt\/new\/wp-content\/uploads\/2019\/07\/Etar-da-Rabada-Santo-Tirso02.jpg\" alt=\"\" data-id=\"1208\" data-link=\"http:\/\/www.eiblda.pt\/new\/elbai\/portefolio\/meio-ambiente\/etar-da-rabada-santo-tirso\/etar-da-rabada-santo-tirso02\/\" class=\"wp-image-1208\" srcset=\"https:\/\/www.eiblda.pt\/wp-content\/uploads\/2019\/07\/Etar-da-Rabada-Santo-Tirso02.jpg 2490w, https:\/\/www.eiblda.pt\/wp-content\/uploads\/2019\/07\/Etar-da-Rabada-Santo-Tirso02-750x301.jpg 750w\" sizes=\"auto, (max-width: 2490px) 100vw, 2490px\" \/><\/figure><\/li><li class=\"blocks-gallery-item\"><figure><img loading=\"lazy\" decoding=\"async\" width=\"2490\" height=\"1000\" src=\"http:\/\/www.eiblda.pt\/new\/wp-content\/uploads\/2019\/07\/Etar-da-Rabada-Santo-Tirso03.jpg\" alt=\"\" data-id=\"1209\" data-link=\"http:\/\/www.eiblda.pt\/new\/elbai\/portefolio\/meio-ambiente\/etar-da-rabada-santo-tirso\/etar-da-rabada-santo-tirso03\/\" class=\"wp-image-1209\" srcset=\"https:\/\/www.eiblda.pt\/wp-content\/uploads\/2019\/07\/Etar-da-Rabada-Santo-Tirso03.jpg 2490w, https:\/\/www.eiblda.pt\/wp-content\/uploads\/2019\/07\/Etar-da-Rabada-Santo-Tirso03-750x301.jpg 750w\" sizes=\"auto, (max-width: 2490px) 100vw, 2490px\" \/><\/figure><\/li><li class=\"blocks-gallery-item\"><figure><img loading=\"lazy\" decoding=\"async\" width=\"2490\" height=\"1000\" src=\"http:\/\/www.eiblda.pt\/new\/wp-content\/uploads\/2019\/07\/Etar-da-Rabada-Santo-Tirso16.jpg\" alt=\"\" data-id=\"1216\" data-link=\"http:\/\/www.eiblda.pt\/new\/elbai\/portefolio\/meio-ambiente\/etar-da-rabada-santo-tirso\/etar-da-rabada-santo-tirso16\/\" class=\"wp-image-1216\" srcset=\"https:\/\/www.eiblda.pt\/wp-content\/uploads\/2019\/07\/Etar-da-Rabada-Santo-Tirso16.jpg 2490w, https:\/\/www.eiblda.pt\/wp-content\/uploads\/2019\/07\/Etar-da-Rabada-Santo-Tirso16-750x301.jpg 750w\" sizes=\"auto, (max-width: 2490px) 100vw, 2490px\" \/><\/figure><\/li><li class=\"blocks-gallery-item\"><figure><img loading=\"lazy\" decoding=\"async\" width=\"2490\" height=\"1000\" src=\"http:\/\/www.eiblda.pt\/new\/wp-content\/uploads\/2019\/07\/Etar-da-Rabada-Santo-Tirso10.jpg\" alt=\"\" data-id=\"1201\" data-link=\"http:\/\/www.eiblda.pt\/new\/elbai\/portefolio\/meio-ambiente\/etar-da-rabada-santo-tirso\/etar-da-rabada-santo-tirso10\/\" class=\"wp-image-1201\" srcset=\"https:\/\/www.eiblda.pt\/wp-content\/uploads\/2019\/07\/Etar-da-Rabada-Santo-Tirso10.jpg 2490w, https:\/\/www.eiblda.pt\/wp-content\/uploads\/2019\/07\/Etar-da-Rabada-Santo-Tirso10-750x301.jpg 750w\" sizes=\"auto, (max-width: 2490px) 100vw, 2490px\" \/><\/figure><\/li><li class=\"blocks-gallery-item\"><figure><img loading=\"lazy\" decoding=\"async\" width=\"2490\" height=\"1000\" src=\"http:\/\/www.eiblda.pt\/new\/wp-content\/uploads\/2019\/07\/Etar-da-Rabada-Santo-Tirso14.jpg\" alt=\"\" data-id=\"1205\" data-link=\"http:\/\/www.eiblda.pt\/new\/elbai\/portefolio\/meio-ambiente\/etar-da-rabada-santo-tirso\/etar-da-rabada-santo-tirso14\/\" class=\"wp-image-1205\" srcset=\"https:\/\/www.eiblda.pt\/wp-content\/uploads\/2019\/07\/Etar-da-Rabada-Santo-Tirso14.jpg 2490w, https:\/\/www.eiblda.pt\/wp-content\/uploads\/2019\/07\/Etar-da-Rabada-Santo-Tirso14-750x301.jpg 750w\" sizes=\"auto, (max-width: 2490px) 100vw, 2490px\" \/><\/figure><\/li><li class=\"blocks-gallery-item\"><figure><img loading=\"lazy\" decoding=\"async\" width=\"2490\" height=\"1000\" src=\"http:\/\/www.eiblda.pt\/new\/wp-content\/uploads\/2019\/07\/Etar-da-Rabada-Santo-Tirso07.jpg\" alt=\"\" data-id=\"1213\" data-link=\"http:\/\/www.eiblda.pt\/new\/elbai\/portefolio\/meio-ambiente\/etar-da-rabada-santo-tirso\/etar-da-rabada-santo-tirso07\/\" class=\"wp-image-1213\" srcset=\"https:\/\/www.eiblda.pt\/wp-content\/uploads\/2019\/07\/Etar-da-Rabada-Santo-Tirso07.jpg 2490w, https:\/\/www.eiblda.pt\/wp-content\/uploads\/2019\/07\/Etar-da-Rabada-Santo-Tirso07-750x301.jpg 750w\" sizes=\"auto, (max-width: 2490px) 100vw, 2490px\" \/><\/figure><\/li><li class=\"blocks-gallery-item\"><figure><img loading=\"lazy\" decoding=\"async\" width=\"2490\" height=\"1000\" src=\"http:\/\/www.eiblda.pt\/new\/wp-content\/uploads\/2019\/07\/Etar-da-Rabada-Santo-Tirso04.jpg\" alt=\"\" data-id=\"1210\" data-link=\"http:\/\/www.eiblda.pt\/new\/elbai\/portefolio\/meio-ambiente\/etar-da-rabada-santo-tirso\/etar-da-rabada-santo-tirso04\/\" class=\"wp-image-1210\" srcset=\"https:\/\/www.eiblda.pt\/wp-content\/uploads\/2019\/07\/Etar-da-Rabada-Santo-Tirso04.jpg 2490w, https:\/\/www.eiblda.pt\/wp-content\/uploads\/2019\/07\/Etar-da-Rabada-Santo-Tirso04-750x301.jpg 750w\" sizes=\"auto, (max-width: 2490px) 100vw, 2490px\" \/><\/figure><\/li><li class=\"blocks-gallery-item\"><figure><img loading=\"lazy\" decoding=\"async\" width=\"2490\" height=\"1000\" src=\"http:\/\/www.eiblda.pt\/new\/wp-content\/uploads\/2019\/07\/Etar-da-Rabada-Santo-Tirso06.jpg\" alt=\"\" data-id=\"1212\" data-link=\"http:\/\/www.eiblda.pt\/new\/elbai\/portefolio\/meio-ambiente\/etar-da-rabada-santo-tirso\/etar-da-rabada-santo-tirso06\/\" class=\"wp-image-1212\" srcset=\"https:\/\/www.eiblda.pt\/wp-content\/uploads\/2019\/07\/Etar-da-Rabada-Santo-Tirso06.jpg 2490w, https:\/\/www.eiblda.pt\/wp-content\/uploads\/2019\/07\/Etar-da-Rabada-Santo-Tirso06-750x301.jpg 750w\" sizes=\"auto, (max-width: 2490px) 100vw, 2490px\" \/><\/figure><\/li><li class=\"blocks-gallery-item\"><figure><img loading=\"lazy\" decoding=\"async\" width=\"2490\" height=\"1000\" src=\"http:\/\/www.eiblda.pt\/new\/wp-content\/uploads\/2019\/07\/Etar-da-Rabada-Santo-Tirso11.jpg\" alt=\"\" data-id=\"1202\" data-link=\"http:\/\/www.eiblda.pt\/new\/elbai\/portefolio\/meio-ambiente\/etar-da-rabada-santo-tirso\/etar-da-rabada-santo-tirso11\/\" class=\"wp-image-1202\" srcset=\"https:\/\/www.eiblda.pt\/wp-content\/uploads\/2019\/07\/Etar-da-Rabada-Santo-Tirso11.jpg 2490w, https:\/\/www.eiblda.pt\/wp-content\/uploads\/2019\/07\/Etar-da-Rabada-Santo-Tirso11-750x301.jpg 750w\" sizes=\"auto, (max-width: 2490px) 100vw, 2490px\" \/><\/figure><\/li><li class=\"blocks-gallery-item\"><figure><img loading=\"lazy\" decoding=\"async\" width=\"2490\" height=\"1000\" src=\"http:\/\/www.eiblda.pt\/new\/wp-content\/uploads\/2019\/07\/Etar-da-Rabada-Santo-Tirso12.jpg\" alt=\"\" data-id=\"1203\" data-link=\"http:\/\/www.eiblda.pt\/new\/elbai\/portefolio\/meio-ambiente\/etar-da-rabada-santo-tirso\/etar-da-rabada-santo-tirso12\/\" class=\"wp-image-1203\" srcset=\"https:\/\/www.eiblda.pt\/wp-content\/uploads\/2019\/07\/Etar-da-Rabada-Santo-Tirso12.jpg 2490w, https:\/\/www.eiblda.pt\/wp-content\/uploads\/2019\/07\/Etar-da-Rabada-Santo-Tirso12-750x301.jpg 750w\" sizes=\"auto, (max-width: 2490px) 100vw, 2490px\" \/><\/figure><\/li><li class=\"blocks-gallery-item\"><figure><img loading=\"lazy\" decoding=\"async\" width=\"2490\" height=\"1000\" src=\"http:\/\/www.eiblda.pt\/new\/wp-content\/uploads\/2019\/07\/Etar-da-Rabada-Santo-Tirso13.jpg\" alt=\"\" data-id=\"1204\" data-link=\"http:\/\/www.eiblda.pt\/new\/elbai\/portefolio\/meio-ambiente\/etar-da-rabada-santo-tirso\/etar-da-rabada-santo-tirso13\/\" class=\"wp-image-1204\" srcset=\"https:\/\/www.eiblda.pt\/wp-content\/uploads\/2019\/07\/Etar-da-Rabada-Santo-Tirso13.jpg 2490w, https:\/\/www.eiblda.pt\/wp-content\/uploads\/2019\/07\/Etar-da-Rabada-Santo-Tirso13-750x301.jpg 750w\" sizes=\"auto, (max-width: 2490px) 100vw, 2490px\" \/><\/figure><\/li><li class=\"blocks-gallery-item\"><figure><img loading=\"lazy\" decoding=\"async\" width=\"2490\" height=\"1000\" src=\"http:\/\/www.eiblda.pt\/new\/wp-content\/uploads\/2019\/07\/Etar-da-Rabada-Santo-Tirso15.jpg\" alt=\"\" data-id=\"1206\" data-link=\"http:\/\/www.eiblda.pt\/new\/elbai\/portefolio\/meio-ambiente\/etar-da-rabada-santo-tirso\/etar-da-rabada-santo-tirso15\/\" class=\"wp-image-1206\" srcset=\"https:\/\/www.eiblda.pt\/wp-content\/uploads\/2019\/07\/Etar-da-Rabada-Santo-Tirso15.jpg 2490w, https:\/\/www.eiblda.pt\/wp-content\/uploads\/2019\/07\/Etar-da-Rabada-Santo-Tirso15-750x301.jpg 750w\" sizes=\"auto, (max-width: 2490px) 100vw, 2490px\" \/><\/figure><\/li><li class=\"blocks-gallery-item\"><figure><img loading=\"lazy\" decoding=\"async\" width=\"2490\" height=\"1000\" src=\"http:\/\/www.eiblda.pt\/new\/wp-content\/uploads\/2019\/07\/Etar-da-Rabada-Santo-Tirso01.jpg\" alt=\"\" data-id=\"1207\" data-link=\"http:\/\/www.eiblda.pt\/new\/elbai\/portefolio\/meio-ambiente\/etar-da-rabada-santo-tirso\/etar-da-rabada-santo-tirso01\/\" class=\"wp-image-1207\" srcset=\"https:\/\/www.eiblda.pt\/wp-content\/uploads\/2019\/07\/Etar-da-Rabada-Santo-Tirso01.jpg 2490w, https:\/\/www.eiblda.pt\/wp-content\/uploads\/2019\/07\/Etar-da-Rabada-Santo-Tirso01-750x301.jpg 750w\" sizes=\"auto, (max-width: 2490px) 100vw, 2490px\" \/><\/figure><\/li><li class=\"blocks-gallery-item\"><figure><img loading=\"lazy\" decoding=\"async\" width=\"2490\" height=\"1000\" src=\"http:\/\/www.eiblda.pt\/new\/wp-content\/uploads\/2019\/07\/Etar-da-Rabada-Santo-Tirso17.jpg\" alt=\"\" data-id=\"1217\" data-link=\"http:\/\/www.eiblda.pt\/new\/elbai\/portefolio\/meio-ambiente\/etar-da-rabada-santo-tirso\/etar-da-rabada-santo-tirso17\/\" class=\"wp-image-1217\" srcset=\"https:\/\/www.eiblda.pt\/wp-content\/uploads\/2019\/07\/Etar-da-Rabada-Santo-Tirso17.jpg 2490w, https:\/\/www.eiblda.pt\/wp-content\/uploads\/2019\/07\/Etar-da-Rabada-Santo-Tirso17-750x301.jpg 750w\" sizes=\"auto, (max-width: 2490px) 100vw, 2490px\" \/><\/figure><\/li><li class=\"blocks-gallery-item\"><figure><img loading=\"lazy\" decoding=\"async\" width=\"2490\" height=\"1000\" src=\"http:\/\/www.eiblda.pt\/new\/wp-content\/uploads\/2019\/07\/Etar-da-Rabada-Santo-Tirso05.jpg\" alt=\"\" data-id=\"1211\" data-link=\"http:\/\/www.eiblda.pt\/new\/elbai\/portefolio\/meio-ambiente\/etar-da-rabada-santo-tirso\/etar-da-rabada-santo-tirso05\/\" class=\"wp-image-1211\" srcset=\"https:\/\/www.eiblda.pt\/wp-content\/uploads\/2019\/07\/Etar-da-Rabada-Santo-Tirso05.jpg 2490w, https:\/\/www.eiblda.pt\/wp-content\/uploads\/2019\/07\/Etar-da-Rabada-Santo-Tirso05-750x301.jpg 750w\" sizes=\"auto, (max-width: 2490px) 100vw, 2490px\" \/><\/figure><\/li><li class=\"blocks-gallery-item\"><figure><img loading=\"lazy\" decoding=\"async\" width=\"2490\" height=\"1000\" src=\"http:\/\/www.eiblda.pt\/new\/wp-content\/uploads\/2019\/07\/Etar-da-Rabada-Santo-Tirso08.jpg\" alt=\"\" data-id=\"1214\" data-link=\"http:\/\/www.eiblda.pt\/new\/elbai\/portefolio\/meio-ambiente\/etar-da-rabada-santo-tirso\/etar-da-rabada-santo-tirso08\/\" class=\"wp-image-1214\" srcset=\"https:\/\/www.eiblda.pt\/wp-content\/uploads\/2019\/07\/Etar-da-Rabada-Santo-Tirso08.jpg 2490w, https:\/\/www.eiblda.pt\/wp-content\/uploads\/2019\/07\/Etar-da-Rabada-Santo-Tirso08-750x301.jpg 750w\" sizes=\"auto, (max-width: 2490px) 100vw, 2490px\" \/><\/figure><\/li><li class=\"blocks-gallery-item\"><figure><img loading=\"lazy\" decoding=\"async\" width=\"2490\" height=\"1000\" src=\"http:\/\/www.eiblda.pt\/new\/wp-content\/uploads\/2019\/07\/Etar-da-Rabada-Santo-Tirso09.jpg\" alt=\"\" data-id=\"1215\" data-link=\"http:\/\/www.eiblda.pt\/new\/elbai\/portefolio\/meio-ambiente\/etar-da-rabada-santo-tirso\/etar-da-rabada-santo-tirso09\/\" class=\"wp-image-1215\" srcset=\"https:\/\/www.eiblda.pt\/wp-content\/uploads\/2019\/07\/Etar-da-Rabada-Santo-Tirso09.jpg 2490w, https:\/\/www.eiblda.pt\/wp-content\/uploads\/2019\/07\/Etar-da-Rabada-Santo-Tirso09-750x301.jpg 750w\" sizes=\"auto, (max-width: 2490px) 100vw, 2490px\" \/><\/figure><\/li><\/ul>\n\n\n\n<p>\u201cNesta regi\u00e3o est\u00e1 fortemente  implantada a ind\u00fastria t\u00eaxtil e do vestu\u00e1rio, que gera consider\u00e1veis  volumes de \u00e1guas residuais industriais, com caracter\u00edsticas espec\u00edficas.  Para garantir o tratamento adequado destas \u00e1guas residuais, a ETAR de  Santo Tirso \u00e9 provida de etapas espec\u00edficas de tratamento. Destacamos a  ozoniza\u00e7\u00e3o em torres de contacto, que permite remover a cor do efluente e  o acerto de pH, pela inje\u00e7\u00e3o direta de di\u00f3xido de carbono.<br>A  infraestrutura disp\u00f5e ainda de um sistema de desodoriza\u00e7\u00e3o para  tratamento de odores e permite reutilizar parte do caudal tratado no  processo de tratamento, mas tamb\u00e9m em fins compat\u00edveis, tais como a rega  de espa\u00e7os p\u00fablicos, lavagem de contentores, entre outros. <br>Os  sistemas t\u00eam como objetivo a melhoria da qualidade das \u00e1guas da regi\u00e3o,  fortemente lesada pela concentra\u00e7\u00e3o de tinturarias e de outras  ind\u00fastrias poluentes que ao longo dos anos se instalaram nesta \u00e1rea  espec\u00edfica.\u201d<br><\/p>\n","protected":false},"author":1,"featured_media":1206,"parent":228,"menu_order":35,"comment_status":"open","ping_status":"closed","template":"pages\/wp-portefolioelbai.php","class_list":["post-387","cptportefolioelbai","type-cptportefolioelbai","status-publish","has-post-thumbnail","hentry"],"_links":{"self":[{"href":"https:\/\/www.eiblda.pt\/en\/wp-json\/wp\/v2\/cptportefolioelbai\/387","targetHints":{"allow":["GET"]}}],"collection":[{"href":"https:\/\/www.eiblda.pt\/en\/wp-json\/wp\/v2\/cptportefolioelbai"}],"about":[{"href":"https:\/\/www.eiblda.pt\/en\/wp-json\/wp\/v2\/types\/cptportefolioelbai"}],"author":[{"embeddable":true,"href":"https:\/\/www.eiblda.pt\/en\/wp-json\/wp\/v2\/users\/1"}],"replies":[{"embeddable":true,"href":"https:\/\/www.eiblda.pt\/en\/wp-json\/wp\/v2\/comments?post=387"}],"up":[{"embeddable":true,"href":"https:\/\/www.eiblda.pt\/en\/wp-json\/wp\/v2\/cptportefolioelbai\/228"}],"wp:featuredmedia":[{"embeddable":true,"href":"https:\/\/www.eiblda.pt\/en\/wp-json\/wp\/v2\/media\/1206"}],"wp:attachment":[{"href":"https:\/\/www.eiblda.pt\/en\/wp-json\/wp\/v2\/media?parent=387"}],"curies":[{"name":"wp","href":"https:\/\/api.w.org\/{rel}","templated":true}]}}