{"id":1659,"date":"2019-09-17T06:48:05","date_gmt":"2019-09-17T06:48:05","guid":{"rendered":"https:\/\/www.eiblda.pt\/?post_type=cptportefolioelbai&#038;p=1659"},"modified":"2022-08-04T09:14:43","modified_gmt":"2022-08-04T09:14:43","slug":"vieira-de-castro-famalicao","status":"publish","type":"cptportefolioelbai","link":"https:\/\/www.eiblda.pt\/en\/elbai\/portefolio\/industria\/vieira-de-castro-famalicao\/","title":{"rendered":"Vieira de Castro (Famalic\u00e3o)"},"content":{"rendered":"\n<figure class=\"wp-block-gallery has-nested-images columns-default is-cropped wp-block-gallery-1 is-layout-flex wp-block-gallery-is-layout-flex\">\n<figure class=\"wp-block-image\"><img loading=\"lazy\" decoding=\"async\" width=\"2490\" height=\"1000\" data-id=\"1661\" src=\"https:\/\/www.eiblda.pt\/wp-content\/uploads\/2019\/09\/Vieira-de-Castro-01.jpg\" alt=\"\" class=\"wp-image-1661\" srcset=\"https:\/\/www.eiblda.pt\/wp-content\/uploads\/2019\/09\/Vieira-de-Castro-01.jpg 2490w, https:\/\/www.eiblda.pt\/wp-content\/uploads\/2019\/09\/Vieira-de-Castro-01-750x301.jpg 750w\" sizes=\"auto, (max-width: 2490px) 100vw, 2490px\" \/><\/figure>\n\n\n\n<figure class=\"wp-block-image\"><img loading=\"lazy\" decoding=\"async\" width=\"2490\" height=\"1000\" data-id=\"1660\" src=\"https:\/\/www.eiblda.pt\/wp-content\/uploads\/2019\/09\/Vieira-de-Castro-02.jpg\" alt=\"\" class=\"wp-image-1660\" srcset=\"https:\/\/www.eiblda.pt\/wp-content\/uploads\/2019\/09\/Vieira-de-Castro-02.jpg 2490w, https:\/\/www.eiblda.pt\/wp-content\/uploads\/2019\/09\/Vieira-de-Castro-02-750x301.jpg 750w\" sizes=\"auto, (max-width: 2490px) 100vw, 2490px\" \/><\/figure>\n<\/figure>\n\n\n<h2 class=\"wp-block-post-title\">Vieira de Castro (Famalic\u00e3o)<\/h2>\n\n\n<p>&#8220;A empresa Vieira de Castro, fabricante portugu\u00eas de bolachas, am\u00eandoas e rebu\u00e7ados, que tem as suas unidades de produ\u00e7\u00e3o na freguesia de Gavi\u00e3o, concelho de Vila Nova de Famalic\u00e3o, escolheu a Elbai para a instala\u00e7\u00e3o el\u00e9trica, telecomunica\u00e7\u00f5es e seguran\u00e7a da amplia\u00e7\u00e3o do Armaz\u00e9m de Produto Acabado e Cais de Carga.<br>\nPara a ELbai, este \u00e9 mais um desafio aliciante e fundamental no crescimento de uma grande e hist\u00f3rica empresa famalicense, como \u00e9 o caso da Vieira de Castro, que demonstra uma total confian\u00e7a na nossa empresa.<br>\nA empreitada consiste na amplia\u00e7\u00e3o do Armaz\u00e9m de Produto Acabado e Cais de Carga. O armaz\u00e9m a ampliar vai ter uma estrutura em p\u00f3rtico (pilares e vigas) em bet\u00e3o pr\u00e9-fabricado, fachadas em painel arquitet\u00f3nico em bet\u00e3o pr\u00e9-fabricado, com a empena de fecho do topo, sobre o armaz\u00e9m existente, em estrutura met\u00e1lica.<br>\nA nova nave industrial ter\u00e1 um comprimento m\u00e1ximo de 84,65 metros e uma largura total de 36,15 metros possuindo uma c\u00e9rcea de 15,90 metros, e totalizando uma \u00e1rea total de 3.004,80 m2.<br>\nFaz ainda parte da empreitada a amplia\u00e7\u00e3o do pavilh\u00e3o de expedi\u00e7\u00e3o do produto acabado, na qual est\u00e1 prevista a constru\u00e7\u00e3o de 10 novos cais de carga\/descarga, com port\u00f5es seccionados e plataforma m\u00f3vel e respetivos foles de encosto e guias de pavimento. Este projeto de amplia\u00e7\u00e3o materializa-se por extens\u00e3o do pavilh\u00e3o existente, com o mesmo princ\u00edpio e solu\u00e7\u00f5es construtivas, totalizando um aumento de \u00e1rea total na zona de expedi\u00e7\u00e3o do produto acabado em cerca de 1.200,00 m2.<br>\nEst\u00e1 ainda prevista a interven\u00e7\u00e3o ao n\u00edvel da envolvente exterior, com a constru\u00e7\u00e3o de diversos novos lugares de estacionamento de ve\u00edculos ligeiros e pesados, assim como a interven\u00e7\u00e3o ao n\u00edvel dos arruamentos e passeios adjacentes aos novos edif\u00edcios.&#8221;<\/p>\n","protected":false},"author":2,"featured_media":1660,"parent":230,"menu_order":22,"comment_status":"closed","ping_status":"closed","template":"pages\/wp-portefolioelbai.php","class_list":["post-1659","cptportefolioelbai","type-cptportefolioelbai","status-publish","has-post-thumbnail","hentry"],"_links":{"self":[{"href":"https:\/\/www.eiblda.pt\/en\/wp-json\/wp\/v2\/cptportefolioelbai\/1659","targetHints":{"allow":["GET"]}}],"collection":[{"href":"https:\/\/www.eiblda.pt\/en\/wp-json\/wp\/v2\/cptportefolioelbai"}],"about":[{"href":"https:\/\/www.eiblda.pt\/en\/wp-json\/wp\/v2\/types\/cptportefolioelbai"}],"author":[{"embeddable":true,"href":"https:\/\/www.eiblda.pt\/en\/wp-json\/wp\/v2\/users\/2"}],"replies":[{"embeddable":true,"href":"https:\/\/www.eiblda.pt\/en\/wp-json\/wp\/v2\/comments?post=1659"}],"up":[{"embeddable":true,"href":"https:\/\/www.eiblda.pt\/en\/wp-json\/wp\/v2\/cptportefolioelbai\/230"}],"wp:featuredmedia":[{"embeddable":true,"href":"https:\/\/www.eiblda.pt\/en\/wp-json\/wp\/v2\/media\/1660"}],"wp:attachment":[{"href":"https:\/\/www.eiblda.pt\/en\/wp-json\/wp\/v2\/media?parent=1659"}],"curies":[{"name":"wp","href":"https:\/\/api.w.org\/{rel}","templated":true}]}}